{"id":2046,"date":"2010-09-04T01:00:14","date_gmt":"2010-09-03T23:00:14","guid":{"rendered":"http:\/\/blog.nebule.org\/?page_id=2"},"modified":"2021-02-25T11:29:34","modified_gmt":"2021-02-25T09:29:34","slug":"about","status":"publish","type":"page","link":"https:\/\/blog.nebule.org\/?page_id=2046","title":{"rendered":"A propos"},"content":{"rendered":"<p><strong>A propos du projet<\/strong><br \/>\nLe projet <em>nebule<\/em> \u00e9tait un projet personnel de r\u00e9flexion et de gestion sur l&rsquo;information.<br \/>\nC&rsquo;est aujourd&rsquo;hui un projet public.<\/p>\n<p>Il est r\u00e9alis\u00e9 \u00e0 mes heures perdues, donc sans garantie d&rsquo;\u00eatre termin\u00e9 un jour&#8230;<\/p>\n<p><span style=\"color: #800000;\"><span style=\"color: #ff0000;\"><span style=\"text-decoration: underline;\">\/!<\/span><\/span> Tous les propos n&rsquo;engagent que leurs auteurs respectif, et les engagent pleinement.<\/span><br \/>\nLe wiki permettant de remonter dans le temps, tous propos supprim\u00e9s ou remplac\u00e9s correspondent \u00e0 un jugement, une interpr\u00e9tation, une id\u00e9e ou une conviction qui sont pass\u00e9s et r\u00e9volus, et sont donc \u00e0 consid\u00e9rer comme tel.<\/p>\n<p><strong>A propos du nom<\/strong><br \/>\nLe terme <em>nebule<\/em> <sup>(<em>1<\/em>)(<em>2<\/em>)<\/sup> fait r\u00e9f\u00e9rence \u00e0 une n\u00e9buleuse de l&rsquo;information.<\/p>\n<p>Aujourd&rsquo;hui notre gestion de l&rsquo;information ne ressemble pas vraiment \u00e0 une n\u00e9buleuse mais plut\u00f4t \u00e0 une grande quantit\u00e9 de galaxies d&rsquo;informations plus ou moins bien reli\u00e9es les unes aux autres. Mais localement, l&rsquo;utilisateur a toujours une fa\u00e7on n\u00e9buleuse de g\u00e9rer ses informations.<\/p>\n<p><strong>R\u00e9f\u00e9rences<\/strong><br \/>\n1\/ N\u00e9bul\u00e9 &#8211; fr.wiktionary.org [FR] &#8211; <a title=\"http:\/\/fr.wiktionary.org\/wiki\/n%C3%A9bul%C3%A9\" href=\"http:\/\/fr.wiktionary.org\/wiki\/n%C3%A9bul%C3%A9\" target=\"_blank\" rel=\"noopener\">Lien<br \/>\n<\/a>2\/ Nebule &#8211; dictionary.reference.com [EN] &#8211; <a title=\"http:\/\/dictionary.reference.com\/browse\/Nebule\" href=\"http:\/\/dictionary.reference.com\/browse\/Nebule\" target=\"_blank\" rel=\"noopener\">Lien<br \/>\n<\/a><\/p>\n","protected":false},"excerpt":{"rendered":"<p>A propos du projet Le projet nebule \u00e9tait un projet personnel de r\u00e9flexion et de gestion sur l&rsquo;information. C&rsquo;est aujourd&rsquo;hui un projet public. Il est r\u00e9alis\u00e9 \u00e0 mes heures perdues, donc sans garantie d&rsquo;\u00eatre termin\u00e9 un jour&#8230; \/! Tous les propos n&rsquo;engagent que leurs auteurs respectif, et les engagent pleinement. Le wiki permettant de remonter &hellip; <a href=\"https:\/\/blog.nebule.org\/?page_id=2046\" class=\"more-link\">Continuer la lecture de <span class=\"screen-reader-text\">A propos<\/span><\/a><\/p>\n","protected":false},"author":1,"featured_media":0,"parent":0,"menu_order":9,"comment_status":"open","ping_status":"open","template":"","meta":[],"_links":{"self":[{"href":"https:\/\/blog.nebule.org\/index.php?rest_route=\/wp\/v2\/pages\/2046"}],"collection":[{"href":"https:\/\/blog.nebule.org\/index.php?rest_route=\/wp\/v2\/pages"}],"about":[{"href":"https:\/\/blog.nebule.org\/index.php?rest_route=\/wp\/v2\/types\/page"}],"author":[{"embeddable":true,"href":"https:\/\/blog.nebule.org\/index.php?rest_route=\/wp\/v2\/users\/1"}],"replies":[{"embeddable":true,"href":"https:\/\/blog.nebule.org\/index.php?rest_route=%2Fwp%2Fv2%2Fcomments&post=2046"}],"version-history":[{"count":1,"href":"https:\/\/blog.nebule.org\/index.php?rest_route=\/wp\/v2\/pages\/2046\/revisions"}],"predecessor-version":[{"id":3294,"href":"https:\/\/blog.nebule.org\/index.php?rest_route=\/wp\/v2\/pages\/2046\/revisions\/3294"}],"wp:attachment":[{"href":"https:\/\/blog.nebule.org\/index.php?rest_route=%2Fwp%2Fv2%2Fmedia&parent=2046"}],"curies":[{"name":"wp","href":"https:\/\/api.w.org\/{rel}","templated":true}]}}